{"id":3689,"date":"2021-07-23T13:07:26","date_gmt":"2021-07-23T18:07:26","guid":{"rendered":"http:\/\/academiavivaldi.com\/vivaldi\/?page_id=3689"},"modified":"2024-10-18T12:27:28","modified_gmt":"2024-10-18T17:27:28","slug":"modulos","status":"publish","type":"page","link":"https:\/\/academiavivaldi.com\/vivaldi\/modulos\/","title":{"rendered":"M\u00f3dulos"},"content":{"rendered":"\n<h5 class=\"wp-block-heading has-white-color has-text-color has-link-color has-medium-font-size wp-elements-213e166e33966b7ad2d2341ce7ceca74\"><\/h5>\n\n\n\n<h4 class=\"wp-block-heading has-white-color has-text-color has-link-color has-medium-font-size wp-elements-f9ffd0af44fc1677afca1ce3ea0895ab\"><\/h4>\n\n\n\n<h5 class=\"wp-block-heading has-white-color has-text-color has-link-color has-medium-font-size wp-elements-213e166e33966b7ad2d2341ce7ceca74\"><\/h5>\n\n\n<br \/><br \/>Inicia\u00a0 la construcci\u00f3n de su repertorio y ha empezado a brillar, ya no es uno m\u00e1s, \u00a0ahora es el m\u00fasico de la familia, de su escuela o colegio. \u00a0<br \/><br \/>\n\n\n<h6 class=\"wp-block-heading has-white-color has-text-color has-link-color has-medium-font-size wp-elements-8c4914d0682d538bd3c136500987b12e\"><\/h6>\n\n\n<p><br \/><br \/>M\u00f3dulo intermedio<br \/><br \/><\/p>\n\n<p><br \/><br \/>El m\u00f3dulo intermedio consta de dos niveles, en este m\u00f3dulo el alumno desarrolla un conocimiento t\u00e9cnico y te\u00f3rico m\u00e1s profundo.\u00a0 Su capacidad de lectura musical, solfeo y t\u00e9cnica se desarrolla a\u00fan m\u00e1s, empieza\u00a0 a tener capacidad de improvisaci\u00f3n. Su conocimiento de armon\u00eda le permite empezar a experimentar con improvisaciones y composiciones propias.<br \/><br \/><\/p>\n\n<p><br \/><br \/>Su repertorio ha llegado a varias decenas de obras y \u00a0su desenvolvimiento esc\u00e9nico le permite presentarse ante un p\u00fablico o \u00f3 unirse a otros m\u00fasicos para crear sus primeros ensambles.<strong> \u00a0<\/strong><br \/><br \/><\/p>\n\n<p><br \/><br \/>En este M\u00f3dulo, el estudiante graba sus primero temas como solista o peque\u00f1os ensambles, que se los presenta por medio del canal YouTube de la Academia Vivaldi (Academia Vivaldi Ecuador).<br \/><br \/><\/p>\n\n<p><br \/><br \/>M\u00f3dulo avanzado<br \/><br \/><\/p>\n\n<p><br \/><br \/>El m\u00f3dulo\u00a0 avanzado consta de dos niveles, temporalmente definidos por la dedicaci\u00f3n del alumno.<br \/><br \/><\/p>\n\n<p><br \/><br \/>En este m\u00f3dulo, el alumno desarrolla\u00a0 una capacidad alta de digitaci\u00f3n, lectura y escritura musical que le permite realizar presentaciones formales o crear ya sus propias bandas.<br \/><br \/><\/p>\n\n<p><br \/><br \/>Su conocimiento de armon\u00eda y teor\u00eda de la m\u00fasica le permite escribir sus propios temas. \u00a0 Su repertorio es\u00a0 de muchas decenas de temas. Su conocimiento t\u00e9cnico de la m\u00fasica es profundo.\u00a0 La capacidad de lectura, escritura musical, solfeo y t\u00e9cnica se desarrolla m\u00e1s. Puede experimentar con improvisaciones y composiciones propias.<br \/><br \/><\/p>\n\n<p><br \/><br \/>Su desenvolvimiento esc\u00e9nico y seguridad le permite \u00a0presentarse ante un p\u00fablico \u00f3 unirse a otros m\u00fasicos para crear su propia banda.<br \/><br \/><\/p>\n\n<p><br \/><br \/>Probablemente la m\u00fasica se ha convertido en una vocaci\u00f3n y ha marcado la vida de nuestro alumno. Muchos de nuestros alumnos en este punto ven a la m\u00fasica como una forma de vida y optan por estudios en conservatorios \u00f3 universidades.<br \/><br \/><\/p>\n\n<p><br \/><br \/>Curso para personas adultas<br \/><br \/><\/p>\n\n<p><br \/><br \/>Este programa se adapta al requerimiento especial del alumno.<br \/><br \/><\/p>\n\n<p><br \/><br \/>Desarrolla digitaci\u00f3n y o\u00eddo musical en el piano, \u00a0armando paralelamente un repertorio popular facilitado a gusto del alumno. \u00a0<br \/><br \/><\/p>\n\n<p><br \/><br \/><strong>\u200b<\/strong>El alumno al relacionarse con personas con los mismos intereses y por medio del estudio de la m\u00fasica logra liberarse del stress y bajar los niveles de ansiedad, dando as\u00ed ilusi\u00f3n a su vida.\u00a0<br \/><br \/><\/p>\n\n<p><br \/><br \/>Curso de Tecnolog\u00eda e Inform\u00e1tica Musical<br \/><br \/><\/p>\n\n<p><br \/><br \/>Este curso se ofrece a alumnos que desean incursionar en la tecnolog\u00eda musical y cuentan con un sintetizador profesional para hacer las pr\u00e1cticas.<br \/><br \/><\/p>\n\n<p><br \/><br \/>El curso incluye el manejo del sintetizador, programaci\u00f3n, edici\u00f3n de patches \u00f3 sonidos, manejo de secuencias, efectos, etc.<br \/><br \/><\/p>\n\n<p><br \/><br \/>Protocolo MIDI , estudio de hardware y software.<br \/><br \/><\/p>\n\n<p><br \/><br \/>Estudio de software de edici\u00f3n de partituras.<br \/><br \/><\/p>\n\n<p><br \/><br \/><br \/><\/p>","protected":false},"excerpt":{"rendered":"<p>Inicia\u00a0 la construcci\u00f3n de su repertorio y ha empezado a [&hellip;]<\/p>\n","protected":false},"author":1,"featured_media":3973,"parent":0,"menu_order":0,"comment_status":"closed","ping_status":"closed","template":"","meta":{"footnotes":""},"_links":{"self":[{"href":"https:\/\/academiavivaldi.com\/vivaldi\/wp-json\/wp\/v2\/pages\/3689"}],"collection":[{"href":"https:\/\/academiavivaldi.com\/vivaldi\/wp-json\/wp\/v2\/pages"}],"about":[{"href":"https:\/\/academiavivaldi.com\/vivaldi\/wp-json\/wp\/v2\/types\/page"}],"author":[{"embeddable":true,"href":"https:\/\/academiavivaldi.com\/vivaldi\/wp-json\/wp\/v2\/users\/1"}],"replies":[{"embeddable":true,"href":"https:\/\/academiavivaldi.com\/vivaldi\/wp-json\/wp\/v2\/comments?post=3689"}],"version-history":[{"count":23,"href":"https:\/\/academiavivaldi.com\/vivaldi\/wp-json\/wp\/v2\/pages\/3689\/revisions"}],"predecessor-version":[{"id":4442,"href":"https:\/\/academiavivaldi.com\/vivaldi\/wp-json\/wp\/v2\/pages\/3689\/revisions\/4442"}],"wp:featuredmedia":[{"embeddable":true,"href":"https:\/\/academiavivaldi.com\/vivaldi\/wp-json\/wp\/v2\/media\/3973"}],"wp:attachment":[{"href":"https:\/\/academiavivaldi.com\/vivaldi\/wp-json\/wp\/v2\/media?parent=3689"}],"curies":[{"name":"wp","href":"https:\/\/api.w.org\/{rel}","templated":true}]}}